{"id":1225,"date":"2025-02-05T09:59:20","date_gmt":"2025-02-05T08:59:20","guid":{"rendered":"https:\/\/stichtingmetoo.nl\/?page_id=1225"},"modified":"2025-02-12T10:28:27","modified_gmt":"2025-02-12T09:28:27","slug":"marleen-weener","status":"publish","type":"page","link":"https:\/\/stichtingmetoo.nl\/index.php\/marleen-weener\/","title":{"rendered":"Marleen Weener"},"content":{"rendered":"\n<figure class=\"wp-block-image size-large is-resized\"><img loading=\"lazy\" decoding=\"async\" width=\"683\" height=\"1024\" src=\"https:\/\/stichtingmetoo.nl\/wp-content\/uploads\/2025\/02\/9W7A2704-StichtingMeToo-VivianneSandersePhotography-groot-1-683x1024.jpg\" alt=\"\" class=\"wp-image-1242\" style=\"width:285px;height:auto\" srcset=\"https:\/\/stichtingmetoo.nl\/wp-content\/uploads\/2025\/02\/9W7A2704-StichtingMeToo-VivianneSandersePhotography-groot-1-683x1024.jpg 683w, https:\/\/stichtingmetoo.nl\/wp-content\/uploads\/2025\/02\/9W7A2704-StichtingMeToo-VivianneSandersePhotography-groot-1-200x300.jpg 200w, https:\/\/stichtingmetoo.nl\/wp-content\/uploads\/2025\/02\/9W7A2704-StichtingMeToo-VivianneSandersePhotography-groot-1-768x1152.jpg 768w, https:\/\/stichtingmetoo.nl\/wp-content\/uploads\/2025\/02\/9W7A2704-StichtingMeToo-VivianneSandersePhotography-groot-1-1024x1536.jpg 1024w, https:\/\/stichtingmetoo.nl\/wp-content\/uploads\/2025\/02\/9W7A2704-StichtingMeToo-VivianneSandersePhotography-groot-1-1365x2048.jpg 1365w, https:\/\/stichtingmetoo.nl\/wp-content\/uploads\/2025\/02\/9W7A2704-StichtingMeToo-VivianneSandersePhotography-groot-1-scaled.jpg 1707w\" sizes=\"auto, (max-width: 683px) 100vw, 683px\" \/><\/figure>\n\n\n\n<p class=\"wp-block-paragraph\"><strong>Marleen is oprichter en bestuursvoorzitter van Stichting Metoo. Geboren uit haar eigen ervaring en daarmee een persoonlijke missie om een veilige werk- en leefomgeving te cre\u00ebren voor iedereen.<\/strong><\/p>\n\n\n\n<p class=\"wp-block-paragraph\">Sinds ik de politiek in 2018 heb verlaten, spreek ik mij uit v\u00f3\u00f3r #MeToo en dus t\u00e9gen grensoverschrijdend gedrag. Dit komt door mijn eigen ervaring met #MeToo in mijn bijna tien jaar politieke carri\u00e8re. In het kort: ik ben gestalkt door een collega. Dit heb ik aangegeven, maar ondanks dat #MeToo overal in het nieuws was, werd er niets mee gedaan. Toen ook de bedrijfsarts tegen mij zei \u201cdat ik nog kon lachen,\u201d ben ik ermee gestopt. En deed ik wat zoveel slachtoffers doen: denken dat het mijn schuld was en dat ik het misschien verkeerd gezien heb.<\/p>\n\n\n\n<p class=\"wp-block-paragraph\">Een ander #Metoo-incident was voor mij de druppel om echt de politiek te verlaten. Het was een afscheidsetentje van D66, mijn toenmalig partij, waarbij de fractievoorzitter van Rotterdam op de tafel klom en begon te speechen voor iedereen. Ten overstaande van iedereen, al mijn collega\u2019s in die tijd, zei hij \u201cdat ik de lengte van iemands lul wel zou weten\u201d. Er werd gelachen en sommigen zeiden niets, maar niemand deed iets. Ik stond op en keerde letterlijk die avond de politiek de rug toe.<\/p>\n\n\n\n<h4 class=\"wp-block-heading\">Een muur van stilte<\/h4>\n\n\n\n<p class=\"wp-block-paragraph\">Maanden gingen voorbij voordat het echt tot me doordrong waar ik was geweest en wat er was gebeurd. Het voelde alsof mijn geest het weigerde helemaal toe te laten, alsof ik mezelf tegenhield om alles onder ogen te zien. Maar heel langzaam begon ik erover te praten. Een podcast hier, een blog daar. Altijd in de marge, altijd op veilige afstand.<\/p>\n\n\n\n<p class=\"wp-block-paragraph\">Dit bleef zo jarenlang, tot 2021. Toen bracht D66 naar buiten dat er binnen de partij geen sprake was geweest van grensoverschrijdend gedrag. En iets in mij knapte. Ik wist: dit is niet waar. Niet alleen vanwege mijn eigen ervaringen, maar ook vanwege de verhalen die anderen me hadden verteld. Ik postte erover op LinkedIn. De post ging viraal. En toen belde de Volkskrant.<\/p>\n\n\n\n<p class=\"wp-block-paragraph\">Alleen ik was de enige die echt met naam in de krant wilde. De rest durfde niet. En \u00e9\u00e9n bron is geen bron \u2013 een regel die ik begrijp en zelfs waardeer in de journalistiek. Toch voelde het alsof ik een muur raakte. Niets werd gepubliceerd. Geen artikel, geen onderzoek, niets. Ik woonde inmiddels in Portugal en voelde hoe ik deze missie begon op te geven. Misschien moest ik gewoon accepteren dat sommige dingen nooit veranderen.<\/p>\n\n\n\n<h4 class=\"wp-block-heading\">BOOS<\/h4>\n\n\n\n<p class=\"wp-block-paragraph\">Tot de online serie van BNNVARA,&nbsp;<em>BOOS<\/em>, grensoverschrijdend gedrag bij&nbsp;<em>The Voice of Holland<\/em>&nbsp;aankaartte. Veel mensen weten het niet, maar&nbsp;<em>BOOS<\/em>&nbsp;heeft grensoverschrijdend gedrag in Nederland op de kaart gezet. Het was er natuurlijk altijd al. Zo krijgt 52% tot 66% van de vrouwen en 19% van de mannen in zijn of haar leven te maken met fysiek grensoverschrijdend gedrag. Dat betekent dat letterlijk meer dan de helft van de vrouwen die jij kent hiermee te maken heeft.&nbsp;<\/p>\n\n\n\n<p class=\"wp-block-paragraph\">Dankzij&nbsp;<em>BOOS<\/em>&nbsp;werd ik weer gebeld door de Volkskrant. Nu was alles anders. De Volkskrant ging nu echt op onderzoek uit en ontdekte dat het goed mis was bij D66. De partij had een rapport laten opstellen over grensoverschrijdend gedrag binnen de organisatie en, in mijn eigen woorden, de \u201cgoede\u201d pagina\u2019s gepubliceerd en de \u201cslechte\u201d niet. Dat werd groot nieuws, en ineens zat ik bij Eva Jinek aan tafel.&nbsp;Ja \u2013 dat ging allemaal heel snel, maar het was ook binnen een paar dagen weer voorbij. Een hele korte mediastorm waarin ik even opgeslokt werd.<\/p>\n\n\n\n<h4 class=\"wp-block-heading\">Maar we hebben het er toch over?<\/h4>\n\n\n\n<p class=\"wp-block-paragraph\">Sindsdien ben ik steeds vaker naar buiten getreden met mijn verhaal over #MeToo. Het was alsof de wereld er opeens klaar voor was, alsof er ineens meer ruimte was om te luisteren. Dat voelde als een kleine overwinning \u2013 eindelijk werd er meer interesse getoond, eindelijk leek er wat beweging te zijn. En toch\u2026 ergens knaagde het. Want wat was er nu echt veranderd?<\/p>\n\n\n\n<p class=\"wp-block-paragraph\">Ik had mijn verhaal inmiddels al talloze keren verteld, weer en weer. Mensen vonden het oprecht verschrikkelijk, in de media was er keer op keer weer een nieuw incident, dat steekt er weer een storm op \u2013 en dan? Dan ging het leven gewoon weer verder. Alsof de wereld even adem had ingehouden, maar al snel weer uitblies en verderging alsof er niets gebeurd was. En daar, in dat verdergaan, lag het knagen. Want hoeveel blijven we zeggen, voelen, luisteren, voordat we ook werkelijk veranderen?<\/p>\n\n\n\n<h4 class=\"wp-block-heading\"><em>De \u201cBangalijsten\u201d<\/em><\/h4>\n\n\n\n<p class=\"wp-block-paragraph\">Ik deed mijn verhaal voor de podcast BLOOT en stond ook in FLAIR toen het nieuws me bereikte: een groep Utrechtse studenten had weer een bangalijst gemaakt. \u201cWeer eens,\u201d zeg ik, want inmiddels weet ik dat die lijsten er altijd zijn. Ze lekken alleen af en toe uit.<\/p>\n\n\n\n<p class=\"wp-block-paragraph\">En toch\u2026 het raakte me. Niet alleen om die lijst \u2013 het gaat verder dan dat. Als het hier om mannen van tachtig jaar oud ging, had ik gedacht:&nbsp;<em>Ok\u00e9, dit sterft wel uit. Dit is iets van een oudere generatie.<\/em>&nbsp;Iets wat ik ook vaak hoor: \u201cO ja, die oude witte mannen.\u201d Maar nee, dit zijn jonge mannen.<\/p>\n\n\n\n<p class=\"wp-block-paragraph\">Onze toekomstige politici. Advocaten. Artsen. Denk daar eens over na. Zij zijn degenen die straks beslissingen nemen, recht spreken, levens redden. Hoe kunnen ze dat doen, hoe kunnen ze verantwoordelijkheid dragen, als dit de basis is die ze nu leggen? Dat is wat me raakt. Dat is wat me wakker houdt. Want het laat zien dat dit probleem niet sterft \u2013 het wordt doorgegeven. En dat breekt mijn hart.<\/p>\n\n\n\n<h4 class=\"wp-block-heading\">Het idee &amp; hoe het ontstond&nbsp;<\/h4>\n\n\n\n<p class=\"wp-block-paragraph\">Na dat zware interview zat ik nog met een knoop in mijn maag. In Costa Rica, waar ik op dat moment een tijdje woonde, deelde ik mijn frustratie met mijn Amerikaanse vrienden. Zij vertelden dat er in Amerika heel veel organisaties zijn die trainingen en bewustwordings-campagnes hebben, en vroegen zij: waarom ga ik dit niet in Nederland ging doen?<\/p>\n\n\n\n<p class=\"wp-block-paragraph\">Hoe zit dat eigenlijk in Nederland? Dat vroeg ik me af. Dus ik begon te zoeken. Wat ik vond, was pijnlijk. Hier staat alles nog in de kinderschoenen. Mensen om me heen reageerden verbaasd: \u201cMaar bestaat er niet al lang zoiets als een stichting Metoo?\u201d Nee, dus. Heel eerlijk, ik denk dat we hier pas echt wakker werden na&nbsp;<em>BOOS<\/em>. Tot die tijd voelde de #MeToo-beweging als een verre echo, een soort \u201cAmerikaans feestje.\u201d<\/p>\n\n\n\n<p class=\"wp-block-paragraph\">Het zette me aan het denken. Hoeveel meer MeToo-incidenten hebben we nog nodig? Hoeveel verhalen moeten we nog negeren voordat we eindelijk ophouden met wegkijken? Na jaren van praten en \u201coh, wat erg\u201d zeggen \u2013 want dat kunnen we inmiddels allemaal wel \u2013 vond ik het tijd om iets te doen. Genoeg woorden. Het moest anders.<\/p>\n\n\n\n<h4 class=\"wp-block-heading\">Tijd voor actie!&nbsp;<\/h4>\n\n\n\n<p class=\"wp-block-paragraph\">In de zomer van 2024 deed ik een oproep aan iedereen die mij wilde helpen met mijn missie, met Stichting Metoo. En kijk nu eens waar we staan. Ik ben zo ongelooflijk trots. Achter de schermen werkt een toegewijd team keihard. We hebben een gepassioneerde en stevige Raad van Toezicht en durven groot te dromen.<\/p>\n\n\n\n<p class=\"wp-block-paragraph\">Mijn hoop? Dat we over een paar jaar kunnen zeggen dat 71% van de bedrijven in Nederland \u2013 net zoals in Amerikan \u2013 #MeToo-trainingen geeft. Dat het voor studenten niet meer normaal is om een bangalijst te maken, maar dat ze het vanzelfsprekend vinden om respectvol met elkaar om te gaan. Dat we samen een cultuur cre\u00ebren waarin dit soort gedrag simpelweg niet meer bestaat. Dat is waar we voor gaan \u2013 en ik weet dat het kan.<\/p>\n","protected":false},"excerpt":{"rendered":"<p>Marleen is oprichter en bestuursvoorzitter van Stichting Metoo. Geboren uit haar eigen ervaring en daarmee een persoonlijke missie om een veilige werk- en leefomgeving te cre\u00ebren voor iedereen. Sinds ik de politiek in 2018 heb verlaten, spreek ik mij uit v\u00f3\u00f3r #MeToo en dus t\u00e9gen grensoverschrijdend gedrag. Dit komt door mijn eigen ervaring met #MeToo [&hellip;]<\/p>\n","protected":false},"author":1,"featured_media":0,"parent":0,"menu_order":0,"comment_status":"closed","ping_status":"closed","template":"","meta":{"_monsterinsights_skip_tracking":false,"footnotes":""},"class_list":["post-1225","page","type-page","status-publish","hentry"],"yoast_head":"<!-- This site is optimized with the Yoast SEO plugin v28.4 - https:\/\/yoast.com\/product\/yoast-seo-wordpress\/ -->\n<title>Marleen Weener - Stichting #MeToo<\/title>\n<meta name=\"robots\" content=\"index, follow, max-snippet:-1, max-image-preview:large, max-video-preview:-1\" \/>\n<link rel=\"canonical\" href=\"https:\/\/stichtingmetoo.nl\/index.php\/marleen-weener\/\" \/>\n<meta property=\"og:locale\" content=\"nl_NL\" \/>\n<meta property=\"og:type\" content=\"article\" \/>\n<meta property=\"og:title\" content=\"Marleen Weener - Stichting #MeToo\" \/>\n<meta property=\"og:description\" content=\"Marleen is oprichter en bestuursvoorzitter van Stichting Metoo. Geboren uit haar eigen ervaring en daarmee een persoonlijke missie om een veilige werk- en leefomgeving te cre\u00ebren voor iedereen. Sinds ik de politiek in 2018 heb verlaten, spreek ik mij uit v\u00f3\u00f3r #MeToo en dus t\u00e9gen grensoverschrijdend gedrag. Dit komt door mijn eigen ervaring met #MeToo [&hellip;]\" \/>\n<meta property=\"og:url\" content=\"https:\/\/stichtingmetoo.nl\/index.php\/marleen-weener\/\" \/>\n<meta property=\"og:site_name\" content=\"Stichting #MeToo\" \/>\n<meta property=\"article:modified_time\" content=\"2025-02-12T09:28:27+00:00\" \/>\n<meta property=\"og:image\" content=\"https:\/\/stichtingmetoo.nl\/wp-content\/uploads\/2025\/02\/9W7A2704-StichtingMeToo-VivianneSandersePhotography-groot-1-scaled.jpg\" \/>\n\t<meta property=\"og:image:width\" content=\"1707\" \/>\n\t<meta property=\"og:image:height\" content=\"2560\" \/>\n\t<meta property=\"og:image:type\" content=\"image\/jpeg\" \/>\n<meta name=\"twitter:card\" content=\"summary_large_image\" \/>\n<meta name=\"twitter:label1\" content=\"Geschatte leestijd\" \/>\n\t<meta name=\"twitter:data1\" content=\"7 minuten\" \/>\n<script type=\"application\/ld+json\" class=\"yoast-schema-graph\">{\"@context\":\"https:\\\/\\\/schema.org\",\"@graph\":[{\"@type\":\"WebPage\",\"@id\":\"https:\\\/\\\/stichtingmetoo.nl\\\/index.php\\\/marleen-weener\\\/\",\"url\":\"https:\\\/\\\/stichtingmetoo.nl\\\/index.php\\\/marleen-weener\\\/\",\"name\":\"Marleen Weener - Stichting #MeToo\",\"isPartOf\":{\"@id\":\"https:\\\/\\\/stichtingmetoo.nl\\\/#website\"},\"primaryImageOfPage\":{\"@id\":\"https:\\\/\\\/stichtingmetoo.nl\\\/index.php\\\/marleen-weener\\\/#primaryimage\"},\"image\":{\"@id\":\"https:\\\/\\\/stichtingmetoo.nl\\\/index.php\\\/marleen-weener\\\/#primaryimage\"},\"thumbnailUrl\":\"https:\\\/\\\/stichtingmetoo.nl\\\/wp-content\\\/uploads\\\/2025\\\/02\\\/9W7A2704-StichtingMeToo-VivianneSandersePhotography-groot-1-683x1024.jpg\",\"datePublished\":\"2025-02-05T08:59:20+00:00\",\"dateModified\":\"2025-02-12T09:28:27+00:00\",\"breadcrumb\":{\"@id\":\"https:\\\/\\\/stichtingmetoo.nl\\\/index.php\\\/marleen-weener\\\/#breadcrumb\"},\"inLanguage\":\"nl-NL\",\"potentialAction\":[{\"@type\":\"ReadAction\",\"target\":[\"https:\\\/\\\/stichtingmetoo.nl\\\/index.php\\\/marleen-weener\\\/\"]}]},{\"@type\":\"ImageObject\",\"inLanguage\":\"nl-NL\",\"@id\":\"https:\\\/\\\/stichtingmetoo.nl\\\/index.php\\\/marleen-weener\\\/#primaryimage\",\"url\":\"https:\\\/\\\/stichtingmetoo.nl\\\/wp-content\\\/uploads\\\/2025\\\/02\\\/9W7A2704-StichtingMeToo-VivianneSandersePhotography-groot-1-scaled.jpg\",\"contentUrl\":\"https:\\\/\\\/stichtingmetoo.nl\\\/wp-content\\\/uploads\\\/2025\\\/02\\\/9W7A2704-StichtingMeToo-VivianneSandersePhotography-groot-1-scaled.jpg\",\"width\":1707,\"height\":2560},{\"@type\":\"BreadcrumbList\",\"@id\":\"https:\\\/\\\/stichtingmetoo.nl\\\/index.php\\\/marleen-weener\\\/#breadcrumb\",\"itemListElement\":[{\"@type\":\"ListItem\",\"position\":1,\"name\":\"Home\",\"item\":\"https:\\\/\\\/stichtingmetoo.nl\\\/\"},{\"@type\":\"ListItem\",\"position\":2,\"name\":\"Marleen Weener\"}]},{\"@type\":\"WebSite\",\"@id\":\"https:\\\/\\\/stichtingmetoo.nl\\\/#website\",\"url\":\"https:\\\/\\\/stichtingmetoo.nl\\\/\",\"name\":\"Stichting #MeToo\",\"description\":\"Jij bent niet alleen, we doen dit samen\",\"publisher\":{\"@id\":\"https:\\\/\\\/stichtingmetoo.nl\\\/#organization\"},\"potentialAction\":[{\"@type\":\"SearchAction\",\"target\":{\"@type\":\"EntryPoint\",\"urlTemplate\":\"https:\\\/\\\/stichtingmetoo.nl\\\/?s={search_term_string}\"},\"query-input\":{\"@type\":\"PropertyValueSpecification\",\"valueRequired\":true,\"valueName\":\"search_term_string\"}}],\"inLanguage\":\"nl-NL\"},{\"@type\":\"Organization\",\"@id\":\"https:\\\/\\\/stichtingmetoo.nl\\\/#organization\",\"name\":\"Stichting #MeToo\",\"url\":\"https:\\\/\\\/stichtingmetoo.nl\\\/\",\"logo\":{\"@type\":\"ImageObject\",\"inLanguage\":\"nl-NL\",\"@id\":\"https:\\\/\\\/stichtingmetoo.nl\\\/#\\\/schema\\\/logo\\\/image\\\/\",\"url\":\"https:\\\/\\\/stichtingmetoo.nl\\\/wp-content\\\/uploads\\\/2024\\\/08\\\/StichtingMetoo_Logo_full_fullcolour-scaled.png\",\"contentUrl\":\"https:\\\/\\\/stichtingmetoo.nl\\\/wp-content\\\/uploads\\\/2024\\\/08\\\/StichtingMetoo_Logo_full_fullcolour-scaled.png\",\"width\":2560,\"height\":1126,\"caption\":\"Stichting #MeToo\"},\"image\":{\"@id\":\"https:\\\/\\\/stichtingmetoo.nl\\\/#\\\/schema\\\/logo\\\/image\\\/\"}}]}<\/script>\n<!-- \/ Yoast SEO plugin. -->","yoast_head_json":{"title":"Marleen Weener - Stichting #MeToo","robots":{"index":"index","follow":"follow","max-snippet":"max-snippet:-1","max-image-preview":"max-image-preview:large","max-video-preview":"max-video-preview:-1"},"canonical":"https:\/\/stichtingmetoo.nl\/index.php\/marleen-weener\/","og_locale":"nl_NL","og_type":"article","og_title":"Marleen Weener - Stichting #MeToo","og_description":"Marleen is oprichter en bestuursvoorzitter van Stichting Metoo. Geboren uit haar eigen ervaring en daarmee een persoonlijke missie om een veilige werk- en leefomgeving te cre\u00ebren voor iedereen. Sinds ik de politiek in 2018 heb verlaten, spreek ik mij uit v\u00f3\u00f3r #MeToo en dus t\u00e9gen grensoverschrijdend gedrag. Dit komt door mijn eigen ervaring met #MeToo [&hellip;]","og_url":"https:\/\/stichtingmetoo.nl\/index.php\/marleen-weener\/","og_site_name":"Stichting #MeToo","article_modified_time":"2025-02-12T09:28:27+00:00","og_image":[{"width":1707,"height":2560,"url":"https:\/\/stichtingmetoo.nl\/wp-content\/uploads\/2025\/02\/9W7A2704-StichtingMeToo-VivianneSandersePhotography-groot-1-scaled.jpg","type":"image\/jpeg"}],"twitter_card":"summary_large_image","twitter_misc":{"Geschatte leestijd":"7 minuten"},"schema":{"@context":"https:\/\/schema.org","@graph":[{"@type":"WebPage","@id":"https:\/\/stichtingmetoo.nl\/index.php\/marleen-weener\/","url":"https:\/\/stichtingmetoo.nl\/index.php\/marleen-weener\/","name":"Marleen Weener - Stichting #MeToo","isPartOf":{"@id":"https:\/\/stichtingmetoo.nl\/#website"},"primaryImageOfPage":{"@id":"https:\/\/stichtingmetoo.nl\/index.php\/marleen-weener\/#primaryimage"},"image":{"@id":"https:\/\/stichtingmetoo.nl\/index.php\/marleen-weener\/#primaryimage"},"thumbnailUrl":"https:\/\/stichtingmetoo.nl\/wp-content\/uploads\/2025\/02\/9W7A2704-StichtingMeToo-VivianneSandersePhotography-groot-1-683x1024.jpg","datePublished":"2025-02-05T08:59:20+00:00","dateModified":"2025-02-12T09:28:27+00:00","breadcrumb":{"@id":"https:\/\/stichtingmetoo.nl\/index.php\/marleen-weener\/#breadcrumb"},"inLanguage":"nl-NL","potentialAction":[{"@type":"ReadAction","target":["https:\/\/stichtingmetoo.nl\/index.php\/marleen-weener\/"]}]},{"@type":"ImageObject","inLanguage":"nl-NL","@id":"https:\/\/stichtingmetoo.nl\/index.php\/marleen-weener\/#primaryimage","url":"https:\/\/stichtingmetoo.nl\/wp-content\/uploads\/2025\/02\/9W7A2704-StichtingMeToo-VivianneSandersePhotography-groot-1-scaled.jpg","contentUrl":"https:\/\/stichtingmetoo.nl\/wp-content\/uploads\/2025\/02\/9W7A2704-StichtingMeToo-VivianneSandersePhotography-groot-1-scaled.jpg","width":1707,"height":2560},{"@type":"BreadcrumbList","@id":"https:\/\/stichtingmetoo.nl\/index.php\/marleen-weener\/#breadcrumb","itemListElement":[{"@type":"ListItem","position":1,"name":"Home","item":"https:\/\/stichtingmetoo.nl\/"},{"@type":"ListItem","position":2,"name":"Marleen Weener"}]},{"@type":"WebSite","@id":"https:\/\/stichtingmetoo.nl\/#website","url":"https:\/\/stichtingmetoo.nl\/","name":"Stichting #MeToo","description":"Jij bent niet alleen, we doen dit samen","publisher":{"@id":"https:\/\/stichtingmetoo.nl\/#organization"},"potentialAction":[{"@type":"SearchAction","target":{"@type":"EntryPoint","urlTemplate":"https:\/\/stichtingmetoo.nl\/?s={search_term_string}"},"query-input":{"@type":"PropertyValueSpecification","valueRequired":true,"valueName":"search_term_string"}}],"inLanguage":"nl-NL"},{"@type":"Organization","@id":"https:\/\/stichtingmetoo.nl\/#organization","name":"Stichting #MeToo","url":"https:\/\/stichtingmetoo.nl\/","logo":{"@type":"ImageObject","inLanguage":"nl-NL","@id":"https:\/\/stichtingmetoo.nl\/#\/schema\/logo\/image\/","url":"https:\/\/stichtingmetoo.nl\/wp-content\/uploads\/2024\/08\/StichtingMetoo_Logo_full_fullcolour-scaled.png","contentUrl":"https:\/\/stichtingmetoo.nl\/wp-content\/uploads\/2024\/08\/StichtingMetoo_Logo_full_fullcolour-scaled.png","width":2560,"height":1126,"caption":"Stichting #MeToo"},"image":{"@id":"https:\/\/stichtingmetoo.nl\/#\/schema\/logo\/image\/"}}]}},"_links":{"self":[{"href":"https:\/\/stichtingmetoo.nl\/index.php\/wp-json\/wp\/v2\/pages\/1225","targetHints":{"allow":["GET"]}}],"collection":[{"href":"https:\/\/stichtingmetoo.nl\/index.php\/wp-json\/wp\/v2\/pages"}],"about":[{"href":"https:\/\/stichtingmetoo.nl\/index.php\/wp-json\/wp\/v2\/types\/page"}],"author":[{"embeddable":true,"href":"https:\/\/stichtingmetoo.nl\/index.php\/wp-json\/wp\/v2\/users\/1"}],"replies":[{"embeddable":true,"href":"https:\/\/stichtingmetoo.nl\/index.php\/wp-json\/wp\/v2\/comments?post=1225"}],"version-history":[{"count":2,"href":"https:\/\/stichtingmetoo.nl\/index.php\/wp-json\/wp\/v2\/pages\/1225\/revisions"}],"predecessor-version":[{"id":1243,"href":"https:\/\/stichtingmetoo.nl\/index.php\/wp-json\/wp\/v2\/pages\/1225\/revisions\/1243"}],"wp:attachment":[{"href":"https:\/\/stichtingmetoo.nl\/index.php\/wp-json\/wp\/v2\/media?parent=1225"}],"curies":[{"name":"wp","href":"https:\/\/api.w.org\/{rel}","templated":true}]}}